{"id":57,"date":"2017-12-03T19:12:03","date_gmt":"2017-12-03T19:12:03","guid":{"rendered":"https:\/\/import.themovation.com\/bellevue2\/hotel\/?page_id=698"},"modified":"2026-02-03T14:28:31","modified_gmt":"2026-02-03T14:28:31","slug":"la-tenuta","status":"publish","type":"page","link":"https:\/\/lacortedelgusto.com\/it\/la-tenuta\/","title":{"rendered":"La tenuta"},"content":{"rendered":"\t\t<div data-elementor-type=\"wp-post\" data-elementor-id=\"57\" class=\"elementor elementor-57\" data-elementor-post-type=\"page\">\n\t\t\t\t\t\t<section class=\"elementor-section elementor-top-section elementor-element elementor-element-6229ba4 elementor-section-full_width elementor-section-height-min-height elementor-section-height-default elementor-section-items-middle\" data-id=\"6229ba4\" data-element_type=\"section\" data-e-type=\"section\" data-settings=\"{&quot;background_background&quot;:&quot;classic&quot;}\">\n\t\t\t\t\t\t\t<div class=\"elementor-background-overlay\"><\/div>\n\t\t\t\t\t\t\t<div class=\"elementor-container elementor-column-gap-default\">\n\t\t\t\t\t<div class=\"elementor-column elementor-col-100 elementor-top-column elementor-element elementor-element-0005d11\" data-id=\"0005d11\" data-element_type=\"column\" data-e-type=\"column\">\n\t\t\t<div class=\"elementor-widget-wrap elementor-element-populated\">\n\t\t\t\t\t\t<div class=\"elementor-element elementor-element-203976b elementor-view-default elementor-position-top elementor-invisible elementor-widget elementor-widget-themo-header\" data-id=\"203976b\" data-element_type=\"widget\" data-e-type=\"widget\" data-settings=\"{&quot;_animation&quot;:&quot;fadeIn&quot;}\" data-widget_type=\"themo-header.default\">\n\t\t\t\t<div class=\"elementor-widget-container\">\n\t\t\t\t\t\t\t<div class=\"th-header-wrap\">\n        <div class=\"elementor-icon-box-wrapper \">\n                            <div class=\"elementor-icon-box-content\">\n                    <h1 class=\"elementor-icon-box-title\">\n                        La Corte del Gusto                    <\/h1>\n                                        <p class=\"elementor-icon-box-description\">Wine Resort<\/p>\n\n                                            <div class=\"th-btn-wrap\">\n                                                            <a class=\"btn-1 btn th-btn btn-standard-light\" href=\"#scopridipiu\">\n                                                                            Scopri di pi\u00f9                                                                    <\/a>\n                            \n                                                    <\/div>\n                                    <\/div>\n            <\/div>\n\n        <\/div>\n\n\t\t\t\t\t\t<\/div>\n\t\t\t\t<\/div>\n\t\t\t\t\t<\/div>\n\t\t<\/div>\n\t\t\t\t\t<\/div>\n\t\t<\/section>\n\t\t\t\t<section class=\"elementor-section elementor-top-section elementor-element elementor-element-51204c8d elementor-section-boxed elementor-section-height-default elementor-section-height-default\" data-id=\"51204c8d\" data-element_type=\"section\" data-e-type=\"section\" id=\"scopridipiu\" data-settings=\"{&quot;background_background&quot;:&quot;classic&quot;}\">\n\t\t\t\t\t\t<div class=\"elementor-container elementor-column-gap-default\">\n\t\t\t\t\t<div class=\"elementor-column elementor-col-100 elementor-top-column elementor-element elementor-element-50ec539c\" data-id=\"50ec539c\" data-element_type=\"column\" data-e-type=\"column\">\n\t\t\t<div class=\"elementor-widget-wrap elementor-element-populated\">\n\t\t\t\t\t\t<div class=\"elementor-element elementor-element-183c3c17 elementor-widget elementor-widget-spacer\" data-id=\"183c3c17\" data-element_type=\"widget\" data-e-type=\"widget\" data-widget_type=\"spacer.default\">\n\t\t\t\t<div class=\"elementor-widget-container\">\n\t\t\t\t\t\t\t<div class=\"elementor-spacer\">\n\t\t\t<div class=\"elementor-spacer-inner\"><\/div>\n\t\t<\/div>\n\t\t\t\t\t\t<\/div>\n\t\t\t\t<\/div>\n\t\t\t\t<div class=\"elementor-element elementor-element-63297780 elementor-view-default elementor-position-top elementor-widget elementor-widget-themo-header\" data-id=\"63297780\" data-element_type=\"widget\" data-e-type=\"widget\" data-widget_type=\"themo-header.default\">\n\t\t\t\t<div class=\"elementor-widget-container\">\n\t\t\t\t\t\t\t<div class=\"th-header-wrap\">\n        <div class=\"elementor-icon-box-wrapper th-show-icon\">\n                            <div class=\"elementor-icon-box-icon th-icon-size-md\">\n                    <span class=\"elementor-icon \">\n                        <i aria-hidden=\"true\" class=\"th-trip travelpack th-trip travelpack-polaroid-pictures\"><\/i>                    <\/span>\n                <\/div>\n                                <div class=\"elementor-icon-box-content\">\n                    <h2 class=\"elementor-icon-box-title\">\n                        La Tenuta                    <\/h2>\n                                            <span class=\"th-header-divider\"><\/span>\n                                        <p class=\"elementor-icon-box-description\">La Corte del Gusto \u00e8 un elegante Wine Resort con appartamenti di lusso, immerso nella tranquillit\u00e0 delle colline marchigiane. Situato in una posizione strategica, si trova a 45 minuti dall\u2019aeroporto di Ancona Falconara, a pochi chilometri da Arcevia, vicino alle suggestive Grotte di Frasassi e alla citt\u00e0 di Fabriano.\n\n\nIl mare di Senigallia \u00e8 raggiungibile in soli 40 km, mentre la splendida Riviera del Conero dista poco pi\u00f9 di un\u2019ora di auto, offrendo la possibilit\u00e0 di esplorare il meglio delle Marche tra natura, cultura e relax.\n\n\nLa Corte del Gusto e\u0300 la destinazione perfetta per chi cerca relax, natura e autenticita\u0300. Un luogo dove il tempo sembra scorrere piu\u0300 lentamente, ideale per chi desidera riconnettersi con la tranquillita\u0300 della campagna e scoprire le meraviglie delle Marche.\nCompletamente ristrutturato con un sapiente recupero di materiali originali, il resort unisce tradizione e design vintage, con interni in legno curati nei minimi dettagli ed esterni in pietra che raccontano la storia del luogo.\n\n<\/p>\n\n                                    <\/div>\n            <\/div>\n\n        <\/div>\n\n\t\t\t\t\t\t<\/div>\n\t\t\t\t<\/div>\n\t\t\t\t<div class=\"elementor-element elementor-element-103f6da elementor-view-default elementor-position-top elementor-widget elementor-widget-themo-header\" data-id=\"103f6da\" data-element_type=\"widget\" data-e-type=\"widget\" data-widget_type=\"themo-header.default\">\n\t\t\t\t<div class=\"elementor-widget-container\">\n\t\t\t\t\t\t\t<div class=\"th-header-wrap\">\n        <div class=\"elementor-icon-box-wrapper \">\n                            <div class=\"elementor-icon-box-content\">\n                    <h2 class=\"elementor-icon-box-title\">\n                        Luxury Apartments &amp; Villa con Vista Unica                    <\/h2>\n                                        <p class=\"elementor-icon-box-description\">La Corte del Gusto offre quattro appartamenti e una villa, tutti dotati di ogni comfort, oltre a una meravigliosa piscina a sfioro con vista mozzafiato sulle colline circostanti.\n\nAprendo la porta della casa padronale, ci si immerge in un\u2019atmosfera d\u2019altri tempi, dove oggetti vintage e materiali di recupero creano un equilibrio perfetto tra storia e raffinatezza. Un vero rifugio di gusto e sensibilita\u0300 artistica, dove ogni dettaglio racconta una storia.\n<\/p>\n\n                                            <div class=\"th-btn-wrap\">\n                                                            <a class=\"btn-1 btn th-btn btn-standard-primary\" href=\"https:\/\/lacortedelgusto.com\/wp-content\/uploads\/2025\/04\/Brochure-La-Corte-del-Gusto_web.pdf\" target=\"_blank\">\n                                                                            Scarica la brochure                                                                    <\/a>\n                            \n                                                            <a class=\"btn-2 btn th-btn btn-ghost-primary\" href=\"https:\/\/lacortedelgusto.com\/it\/appartamenti\/\">\n                                                                            Vedi i nostri appartamenti                                                                    <\/a>\n                                                    <\/div>\n                                    <\/div>\n            <\/div>\n\n        <\/div>\n\n\t\t\t\t\t\t<\/div>\n\t\t\t\t<\/div>\n\t\t\t\t\t<\/div>\n\t\t<\/div>\n\t\t\t\t\t<\/div>\n\t\t<\/section>\n\t\t\t\t<section class=\"elementor-section elementor-top-section elementor-element elementor-element-b7b2e8d elementor-section-boxed elementor-section-height-default elementor-section-height-default\" data-id=\"b7b2e8d\" data-element_type=\"section\" data-e-type=\"section\">\n\t\t\t\t\t\t<div class=\"elementor-container elementor-column-gap-no\">\n\t\t\t\t\t<div class=\"elementor-column elementor-col-100 elementor-top-column elementor-element elementor-element-d6f921f\" data-id=\"d6f921f\" data-element_type=\"column\" data-e-type=\"column\">\n\t\t\t<div class=\"elementor-widget-wrap elementor-element-populated\">\n\t\t\t\t\t\t<div class=\"elementor-element elementor-element-b2bb1f0 elementor-arrows-position-inside elementor-widget elementor-widget-image-carousel\" data-id=\"b2bb1f0\" data-element_type=\"widget\" data-e-type=\"widget\" data-settings=\"{&quot;slides_to_show&quot;:&quot;3&quot;,&quot;navigation&quot;:&quot;arrows&quot;,&quot;image_spacing_custom&quot;:{&quot;unit&quot;:&quot;px&quot;,&quot;size&quot;:10,&quot;sizes&quot;:[]},&quot;autoplay_speed&quot;:2000,&quot;autoplay&quot;:&quot;yes&quot;,&quot;pause_on_hover&quot;:&quot;yes&quot;,&quot;pause_on_interaction&quot;:&quot;yes&quot;,&quot;infinite&quot;:&quot;yes&quot;,&quot;speed&quot;:500,&quot;image_spacing_custom_tablet&quot;:{&quot;unit&quot;:&quot;px&quot;,&quot;size&quot;:&quot;&quot;,&quot;sizes&quot;:[]},&quot;image_spacing_custom_mobile&quot;:{&quot;unit&quot;:&quot;px&quot;,&quot;size&quot;:&quot;&quot;,&quot;sizes&quot;:[]}}\" data-widget_type=\"image-carousel.default\">\n\t\t\t\t<div class=\"elementor-widget-container\">\n\t\t\t\t\t\t\t<div class=\"elementor-image-carousel-wrapper swiper\" role=\"region\" aria-roledescription=\"carousel\" aria-label=\"Carosello d&#039;immagini\" dir=\"ltr\">\n\t\t\t<div class=\"elementor-image-carousel swiper-wrapper swiper-image-stretch\" aria-live=\"off\">\n\t\t\t\t\t\t\t\t<div class=\"swiper-slide\" role=\"group\" aria-roledescription=\"slide\" aria-label=\"1 di 17\"><figure class=\"swiper-slide-inner\"><img decoding=\"async\" class=\"swiper-slide-image\" src=\"https:\/\/lacortedelgusto.com\/wp-content\/uploads\/2026\/01\/DJI_20251007153413_0098_D-605x465.webp\" alt=\"DJI_20251007153413_0098_D\" \/><\/figure><\/div><div class=\"swiper-slide\" role=\"group\" aria-roledescription=\"slide\" aria-label=\"2 di 17\"><figure class=\"swiper-slide-inner\"><img decoding=\"async\" class=\"swiper-slide-image\" src=\"https:\/\/lacortedelgusto.com\/wp-content\/uploads\/2026\/01\/08A5443-605x465.webp\" alt=\"_08A5443\" \/><\/figure><\/div><div class=\"swiper-slide\" role=\"group\" aria-roledescription=\"slide\" aria-label=\"3 di 17\"><figure class=\"swiper-slide-inner\"><img decoding=\"async\" class=\"swiper-slide-image\" src=\"https:\/\/lacortedelgusto.com\/wp-content\/uploads\/2026\/01\/08A5549-605x465.webp\" alt=\"_08A5549\" \/><\/figure><\/div><div class=\"swiper-slide\" role=\"group\" aria-roledescription=\"slide\" aria-label=\"4 di 17\"><figure class=\"swiper-slide-inner\"><img decoding=\"async\" class=\"swiper-slide-image\" src=\"https:\/\/lacortedelgusto.com\/wp-content\/uploads\/2026\/01\/DJI_20251007153046_0088_D-605x465.webp\" alt=\"DJI_20251007153046_0088_D\" \/><\/figure><\/div><div class=\"swiper-slide\" role=\"group\" aria-roledescription=\"slide\" aria-label=\"5 di 17\"><figure class=\"swiper-slide-inner\"><img decoding=\"async\" class=\"swiper-slide-image\" src=\"https:\/\/lacortedelgusto.com\/wp-content\/uploads\/2021\/04\/la-stalla-camere-25-605x465.webp\" alt=\"la-stalla-camere-25\" \/><\/figure><\/div><div class=\"swiper-slide\" role=\"group\" aria-roledescription=\"slide\" aria-label=\"6 di 17\"><figure class=\"swiper-slide-inner\"><img decoding=\"async\" class=\"swiper-slide-image\" src=\"https:\/\/lacortedelgusto.com\/wp-content\/uploads\/2026\/01\/08A5428-605x465.webp\" alt=\"_08A5428\" \/><\/figure><\/div><div class=\"swiper-slide\" role=\"group\" aria-roledescription=\"slide\" aria-label=\"7 di 17\"><figure class=\"swiper-slide-inner\"><img decoding=\"async\" class=\"swiper-slide-image\" src=\"https:\/\/lacortedelgusto.com\/wp-content\/uploads\/2026\/01\/08A7106-605x465.webp\" alt=\"_08A7106\" \/><\/figure><\/div><div class=\"swiper-slide\" role=\"group\" aria-roledescription=\"slide\" aria-label=\"8 di 17\"><figure class=\"swiper-slide-inner\"><img decoding=\"async\" class=\"swiper-slide-image\" src=\"https:\/\/lacortedelgusto.com\/wp-content\/uploads\/2021\/04\/la-stalla-soggiorno-20-605x465.webp\" alt=\"la-stalla-soggiorno-20\" \/><\/figure><\/div><div class=\"swiper-slide\" role=\"group\" aria-roledescription=\"slide\" aria-label=\"9 di 17\"><figure class=\"swiper-slide-inner\"><img decoding=\"async\" class=\"swiper-slide-image\" src=\"https:\/\/lacortedelgusto.com\/wp-content\/uploads\/2026\/01\/08A6625-605x465.webp\" alt=\"_08A6625\" \/><\/figure><\/div><div class=\"swiper-slide\" role=\"group\" aria-roledescription=\"slide\" aria-label=\"10 di 17\"><figure class=\"swiper-slide-inner\"><img decoding=\"async\" class=\"swiper-slide-image\" src=\"https:\/\/lacortedelgusto.com\/wp-content\/uploads\/2021\/04\/la-stalla-esterno-7-605x465.webp\" alt=\"la-stalla-esterno-7\" \/><\/figure><\/div><div class=\"swiper-slide\" role=\"group\" aria-roledescription=\"slide\" aria-label=\"11 di 17\"><figure class=\"swiper-slide-inner\"><img decoding=\"async\" class=\"swiper-slide-image\" src=\"https:\/\/lacortedelgusto.com\/wp-content\/uploads\/2021\/04\/il-gelso-esterno-7-605x465.webp\" alt=\"il-gelso-esterno-7\" \/><\/figure><\/div><div class=\"swiper-slide\" role=\"group\" aria-roledescription=\"slide\" aria-label=\"12 di 17\"><figure class=\"swiper-slide-inner\"><img decoding=\"async\" class=\"swiper-slide-image\" src=\"https:\/\/lacortedelgusto.com\/wp-content\/uploads\/2026\/01\/08A6890-605x465.webp\" alt=\"_08A6890\" \/><\/figure><\/div><div class=\"swiper-slide\" role=\"group\" aria-roledescription=\"slide\" aria-label=\"13 di 17\"><figure class=\"swiper-slide-inner\"><img decoding=\"async\" class=\"swiper-slide-image\" src=\"https:\/\/lacortedelgusto.com\/wp-content\/uploads\/2025\/07\/Albicocco-06-605x465.webp\" alt=\"Albicocco-06\" \/><\/figure><\/div><div class=\"swiper-slide\" role=\"group\" aria-roledescription=\"slide\" aria-label=\"14 di 17\"><figure class=\"swiper-slide-inner\"><img decoding=\"async\" class=\"swiper-slide-image\" src=\"https:\/\/lacortedelgusto.com\/wp-content\/uploads\/2026\/01\/gallery-2-605x465.webp\" alt=\"gallery-2\" \/><\/figure><\/div><div class=\"swiper-slide\" role=\"group\" aria-roledescription=\"slide\" aria-label=\"15 di 17\"><figure class=\"swiper-slide-inner\"><img decoding=\"async\" class=\"swiper-slide-image\" src=\"https:\/\/lacortedelgusto.com\/wp-content\/uploads\/2021\/04\/il-gelso-copertina-605x465.webp\" alt=\"il-gelso-copertina\" \/><\/figure><\/div><div class=\"swiper-slide\" role=\"group\" aria-roledescription=\"slide\" aria-label=\"16 di 17\"><figure class=\"swiper-slide-inner\"><img decoding=\"async\" class=\"swiper-slide-image\" src=\"https:\/\/lacortedelgusto.com\/wp-content\/uploads\/2026\/01\/08A6635-605x465.webp\" alt=\"_08A6635\" \/><\/figure><\/div><div class=\"swiper-slide\" role=\"group\" aria-roledescription=\"slide\" aria-label=\"17 di 17\"><figure class=\"swiper-slide-inner\"><img decoding=\"async\" class=\"swiper-slide-image\" src=\"https:\/\/lacortedelgusto.com\/wp-content\/uploads\/2021\/04\/l-olivo-soggiorno-4-605x465.webp\" alt=\"l-olivo-soggiorno-4\" \/><\/figure><\/div>\t\t\t<\/div>\n\t\t\t\t\t\t\t\t\t\t\t\t<div class=\"elementor-swiper-button elementor-swiper-button-prev\" role=\"button\" tabindex=\"0\">\n\t\t\t\t\t\t<i aria-hidden=\"true\" class=\"eicon-chevron-left\"><\/i>\t\t\t\t\t<\/div>\n\t\t\t\t\t<div class=\"elementor-swiper-button elementor-swiper-button-next\" role=\"button\" tabindex=\"0\">\n\t\t\t\t\t\t<i aria-hidden=\"true\" class=\"eicon-chevron-right\"><\/i>\t\t\t\t\t<\/div>\n\t\t\t\t\n\t\t\t\t\t\t\t\t\t<\/div>\n\t\t\t\t\t\t<\/div>\n\t\t\t\t<\/div>\n\t\t\t\t\t<\/div>\n\t\t<\/div>\n\t\t\t\t\t<\/div>\n\t\t<\/section>\n\t\t\t\t<section class=\"elementor-section elementor-top-section elementor-element elementor-element-3f946ea6 elementor-section-boxed elementor-section-height-default elementor-section-height-default\" data-id=\"3f946ea6\" data-element_type=\"section\" data-e-type=\"section\" data-settings=\"{&quot;background_background&quot;:&quot;classic&quot;}\">\n\t\t\t\t\t\t<div class=\"elementor-container elementor-column-gap-default\">\n\t\t\t\t\t<div class=\"elementor-column elementor-col-100 elementor-top-column elementor-element elementor-element-3e0b4f31\" data-id=\"3e0b4f31\" data-element_type=\"column\" data-e-type=\"column\">\n\t\t\t<div class=\"elementor-widget-wrap elementor-element-populated\">\n\t\t\t\t\t\t<section class=\"elementor-section elementor-inner-section elementor-element elementor-element-79ab929c elementor-section-full_width elementor-section-height-default elementor-section-height-default\" data-id=\"79ab929c\" data-element_type=\"section\" data-e-type=\"section\">\n\t\t\t\t\t\t<div class=\"elementor-container elementor-column-gap-wide\">\n\t\t\t\t\t<div class=\"elementor-column elementor-col-50 elementor-inner-column elementor-element elementor-element-3f6f25f5\" data-id=\"3f6f25f5\" data-element_type=\"column\" data-e-type=\"column\">\n\t\t\t<div class=\"elementor-widget-wrap elementor-element-populated\">\n\t\t\t\t\t\t<div class=\"elementor-element elementor-element-78103158 elementor-view-default elementor-position-block-start elementor-mobile-position-block-start elementor-widget elementor-widget-icon-box\" data-id=\"78103158\" data-element_type=\"widget\" data-e-type=\"widget\" data-widget_type=\"icon-box.default\">\n\t\t\t\t<div class=\"elementor-widget-container\">\n\t\t\t\t\t\t\t<div class=\"elementor-icon-box-wrapper\">\n\n\t\t\t\t\t\t<div class=\"elementor-icon-box-icon\">\n\t\t\t\t<span  class=\"elementor-icon\">\n\t\t\t\t<i aria-hidden=\"true\" class=\"fas fa-street-view\"><\/i>\t\t\t\t<\/span>\n\t\t\t<\/div>\n\t\t\t\n\t\t\t\t\t\t<div class=\"elementor-icon-box-content\">\n\n\t\t\t\t\t\t\t\t\t<h4 class=\"elementor-icon-box-title\">\n\t\t\t\t\t\t<span  >\n\t\t\t\t\t\t\tVista a 360\u00b0 gradi\t\t\t\t\t\t<\/span>\n\t\t\t\t\t<\/h4>\n\t\t\t\t\n\t\t\t\t\t\t\t\t\t<p class=\"elementor-icon-box-description\">\n\t\t\t\t\t\tLa Corte del Gusto offre pace e tranquillit\u00e0 in un ambiente collinare con una vista a 360 gradi.\n\t\t\t\t\t<\/p>\n\t\t\t\t\n\t\t\t<\/div>\n\t\t\t\n\t\t<\/div>\n\t\t\t\t\t\t<\/div>\n\t\t\t\t<\/div>\n\t\t\t\t\t<\/div>\n\t\t<\/div>\n\t\t\t\t<div class=\"elementor-column elementor-col-50 elementor-inner-column elementor-element elementor-element-70025cc1\" data-id=\"70025cc1\" data-element_type=\"column\" data-e-type=\"column\">\n\t\t\t<div class=\"elementor-widget-wrap elementor-element-populated\">\n\t\t\t\t\t\t<div class=\"elementor-element elementor-element-6fee4ae5 elementor-view-default elementor-position-block-start elementor-mobile-position-block-start elementor-widget elementor-widget-icon-box\" data-id=\"6fee4ae5\" data-element_type=\"widget\" data-e-type=\"widget\" data-widget_type=\"icon-box.default\">\n\t\t\t\t<div class=\"elementor-widget-container\">\n\t\t\t\t\t\t\t<div class=\"elementor-icon-box-wrapper\">\n\n\t\t\t\t\t\t<div class=\"elementor-icon-box-icon\">\n\t\t\t\t<span  class=\"elementor-icon\">\n\t\t\t\t<i aria-hidden=\"true\" class=\"fas fa-circle-notch\"><\/i>\t\t\t\t<\/span>\n\t\t\t<\/div>\n\t\t\t\n\t\t\t\t\t\t<div class=\"elementor-icon-box-content\">\n\n\t\t\t\t\t\t\t\t\t<h4 class=\"elementor-icon-box-title\">\n\t\t\t\t\t\t<span  >\n\t\t\t\t\t\t\tLe Marche - Il centro d'Italia\t\t\t\t\t\t<\/span>\n\t\t\t\t\t<\/h4>\n\t\t\t\t\n\t\t\t\t\t\t\t\t\t<p class=\"elementor-icon-box-description\">\n\t\t\t\t\t\tLa regione \u201cLe Marche\u201d \u00e8 spesso descritta come uno dei segreti pi\u00f9 custoditi d\u2019Italia, affacciata sul mare Adriatico al centro dell\u2019Italia, con poco pi\u00f9 di un milione e mezzo di abitanti distribuiti nelle cinque province di Ancona, citt\u00e0 capoluogo, Pesaro e Urbino, Macerata, Fermo e Ascoli Piceno.\t\t\t\t\t<\/p>\n\t\t\t\t\n\t\t\t<\/div>\n\t\t\t\n\t\t<\/div>\n\t\t\t\t\t\t<\/div>\n\t\t\t\t<\/div>\n\t\t\t\t\t<\/div>\n\t\t<\/div>\n\t\t\t\t\t<\/div>\n\t\t<\/section>\n\t\t\t\t<section class=\"elementor-section elementor-inner-section elementor-element elementor-element-1afbacd7 elementor-section-full_width elementor-section-height-default elementor-section-height-default\" data-id=\"1afbacd7\" data-element_type=\"section\" data-e-type=\"section\">\n\t\t\t\t\t\t<div class=\"elementor-container elementor-column-gap-wide\">\n\t\t\t\t\t<div class=\"elementor-column elementor-col-50 elementor-inner-column elementor-element elementor-element-5af99039\" data-id=\"5af99039\" data-element_type=\"column\" data-e-type=\"column\">\n\t\t\t<div class=\"elementor-widget-wrap elementor-element-populated\">\n\t\t\t\t\t\t<div class=\"elementor-element elementor-element-2f3d4331 elementor-view-default elementor-position-block-start elementor-mobile-position-block-start elementor-widget elementor-widget-icon-box\" data-id=\"2f3d4331\" data-element_type=\"widget\" data-e-type=\"widget\" data-widget_type=\"icon-box.default\">\n\t\t\t\t<div class=\"elementor-widget-container\">\n\t\t\t\t\t\t\t<div class=\"elementor-icon-box-wrapper\">\n\n\t\t\t\t\t\t<div class=\"elementor-icon-box-icon\">\n\t\t\t\t<span  class=\"elementor-icon\">\n\t\t\t\t<i aria-hidden=\"true\" class=\"fas fa-mountain\"><\/i>\t\t\t\t<\/span>\n\t\t\t<\/div>\n\t\t\t\n\t\t\t\t\t\t<div class=\"elementor-icon-box-content\">\n\n\t\t\t\t\t\t\t\t\t<h4 class=\"elementor-icon-box-title\">\n\t\t\t\t\t\t<span  >\n\t\t\t\t\t\t\tNatura\t\t\t\t\t\t<\/span>\n\t\t\t\t\t<\/h4>\n\t\t\t\t\n\t\t\t\t\t\t\t\t\t<p class=\"elementor-icon-box-description\">\n\t\t\t\t\t\tLa meta perfetta per tutti i viaggiatori che cercano uno stile di vita sereno e rilassante, a contatto con la natura e un ottimo punto di partenza per scoprire le bellezze della regione Marche.\n\t\t\t\t\t<\/p>\n\t\t\t\t\n\t\t\t<\/div>\n\t\t\t\n\t\t<\/div>\n\t\t\t\t\t\t<\/div>\n\t\t\t\t<\/div>\n\t\t\t\t\t<\/div>\n\t\t<\/div>\n\t\t\t\t<div class=\"elementor-column elementor-col-50 elementor-inner-column elementor-element elementor-element-171ba6bc\" data-id=\"171ba6bc\" data-element_type=\"column\" data-e-type=\"column\">\n\t\t\t<div class=\"elementor-widget-wrap elementor-element-populated\">\n\t\t\t\t\t\t<div class=\"elementor-element elementor-element-333ad66d elementor-view-default elementor-position-block-start elementor-mobile-position-block-start elementor-widget elementor-widget-icon-box\" data-id=\"333ad66d\" data-element_type=\"widget\" data-e-type=\"widget\" data-widget_type=\"icon-box.default\">\n\t\t\t\t<div class=\"elementor-widget-container\">\n\t\t\t\t\t\t\t<div class=\"elementor-icon-box-wrapper\">\n\n\t\t\t\t\t\t<div class=\"elementor-icon-box-icon\">\n\t\t\t\t<span  class=\"elementor-icon\">\n\t\t\t\t<i aria-hidden=\"true\" class=\"fas fa-charging-station\"><\/i>\t\t\t\t<\/span>\n\t\t\t<\/div>\n\t\t\t\n\t\t\t\t\t\t<div class=\"elementor-icon-box-content\">\n\n\t\t\t\t\t\t\t\t\t<h4 class=\"elementor-icon-box-title\">\n\t\t\t\t\t\t<span  >\n\t\t\t\t\t\t\tColonnine Elettriche\t\t\t\t\t\t<\/span>\n\t\t\t\t\t<\/h4>\n\t\t\t\t\n\t\t\t\t\t\t\t\t\t<p class=\"elementor-icon-box-description\">\n\t\t\t\t\t\tStazione di ricarica veicoli elettrici\n\t\t\t\t\t<\/p>\n\t\t\t\t\n\t\t\t<\/div>\n\t\t\t\n\t\t<\/div>\n\t\t\t\t\t\t<\/div>\n\t\t\t\t<\/div>\n\t\t\t\t\t<\/div>\n\t\t<\/div>\n\t\t\t\t\t<\/div>\n\t\t<\/section>\n\t\t\t\t\t<\/div>\n\t\t<\/div>\n\t\t\t\t\t<\/div>\n\t\t<\/section>\n\t\t\t\t<section class=\"elementor-section elementor-top-section elementor-element elementor-element-ae14c4f elementor-section-boxed elementor-section-height-default elementor-section-height-default\" data-id=\"ae14c4f\" data-element_type=\"section\" data-e-type=\"section\">\n\t\t\t\t\t\t<div class=\"elementor-container elementor-column-gap-default\">\n\t\t\t\t\t<div class=\"elementor-column elementor-col-100 elementor-top-column elementor-element elementor-element-cf78002\" data-id=\"cf78002\" data-element_type=\"column\" data-e-type=\"column\">\n\t\t\t<div class=\"elementor-widget-wrap elementor-element-populated\">\n\t\t\t\t\t\t<div class=\"elementor-element elementor-element-c653a3c elementor-view-default elementor-position-top elementor-widget elementor-widget-themo-header\" data-id=\"c653a3c\" data-element_type=\"widget\" data-e-type=\"widget\" data-widget_type=\"themo-header.default\">\n\t\t\t\t<div class=\"elementor-widget-container\">\n\t\t\t\t\t\t\t<div class=\"th-header-wrap\">\n        <div class=\"elementor-icon-box-wrapper \">\n                            <div class=\"elementor-icon-box-content\">\n                    <h2 class=\"elementor-icon-box-title\">\n                        La Corte del Gusto                     <\/h2>\n                                        <p class=\"elementor-icon-box-description\">Da anni presente nel territorio della regione Marche ha selezionato una serie di prodotti enogastronomici maggiormente rappresentativi del proprio territorio. <\/p>\n\n                                    <\/div>\n            <\/div>\n\n        <\/div>\n\n\t\t\t\t\t\t<\/div>\n\t\t\t\t<\/div>\n\t\t\t\t\t<\/div>\n\t\t<\/div>\n\t\t\t\t\t<\/div>\n\t\t<\/section>\n\t\t\t\t<section class=\"elementor-section elementor-top-section elementor-element elementor-element-dc974cd elementor-section-height-min-height elementor-section-boxed elementor-section-height-default elementor-section-items-middle\" data-id=\"dc974cd\" data-element_type=\"section\" data-e-type=\"section\" id=\"shop-la-corte-del-gusto\" data-settings=\"{&quot;background_background&quot;:&quot;classic&quot;}\">\n\t\t\t\t\t\t\t<div class=\"elementor-background-overlay\"><\/div>\n\t\t\t\t\t\t\t<div class=\"elementor-container elementor-column-gap-default\">\n\t\t\t\t\t<div class=\"elementor-column elementor-col-100 elementor-top-column elementor-element elementor-element-4f854bd\" data-id=\"4f854bd\" data-element_type=\"column\" data-e-type=\"column\">\n\t\t\t<div class=\"elementor-widget-wrap elementor-element-populated\">\n\t\t\t\t\t\t<div class=\"elementor-element elementor-element-13030d0 elementor-view-default elementor-position-top elementor-widget elementor-widget-themo-header\" data-id=\"13030d0\" data-element_type=\"widget\" data-e-type=\"widget\" data-widget_type=\"themo-header.default\">\n\t\t\t\t<div class=\"elementor-widget-container\">\n\t\t\t\t\t\t\t<div class=\"th-header-wrap\">\n        <div class=\"elementor-icon-box-wrapper \">\n                            <div class=\"elementor-icon-box-content\">\n                    <h2 class=\"elementor-icon-box-title\">\n                        I nostri prodotti: 100% Marche                    <\/h2>\n                                            <span class=\"th-header-divider\"><\/span>\n                                        <p class=\"elementor-icon-box-description\"><\/p>\n\n                                    <\/div>\n            <\/div>\n\n        <\/div>\n\n\t\t\t\t\t\t<\/div>\n\t\t\t\t<\/div>\n\t\t\t\t\t<\/div>\n\t\t<\/div>\n\t\t\t\t\t<\/div>\n\t\t<\/section>\n\t\t\t\t<section class=\"elementor-section elementor-top-section elementor-element elementor-element-c43a65d elementor-section-full_width elementor-section-content-middle elementor-reverse-mobile elementor-section-height-default elementor-section-height-default\" data-id=\"c43a65d\" data-element_type=\"section\" data-e-type=\"section\">\n\t\t\t\t\t\t<div class=\"elementor-container elementor-column-gap-default\">\n\t\t\t\t\t<div class=\"elementor-column elementor-col-50 elementor-top-column elementor-element elementor-element-7e9b425\" data-id=\"7e9b425\" data-element_type=\"column\" data-e-type=\"column\" data-settings=\"{&quot;background_background&quot;:&quot;classic&quot;}\">\n\t\t\t<div class=\"elementor-widget-wrap elementor-element-populated\">\n\t\t\t\t\t\t<div class=\"elementor-element elementor-element-74a8399 elementor-position-left elementor-view-default elementor-widget elementor-widget-themo-header\" data-id=\"74a8399\" data-element_type=\"widget\" data-e-type=\"widget\" data-widget_type=\"themo-header.default\">\n\t\t\t\t<div class=\"elementor-widget-container\">\n\t\t\t\t\t\t\t<div class=\"th-header-wrap\">\n        <div class=\"elementor-icon-box-wrapper \">\n                            <div class=\"elementor-icon-box-content\">\n                    <h4 class=\"elementor-icon-box-title\">\n                        Il Gelso - Verdicchio dei Castelli di Jesi (DOC) - Classico                    <\/h4>\n                                        <p class=\"elementor-icon-box-description\">Il Gelso nasce da uve Verdicchio selezionate da vigneti di varie esposizioni.<br> E\u2019 un vino giovane e fresco, da abbinare a piatti leggeri, pesce e frutti di mare.\n\nContenuto: 750 ml\nTemperatura di Servizio: 8\u00b0\/10\u00b0\nConfezione: Cartone da 6 bottiglie\nUve: Verdicchio<\/p>\n\n                                    <\/div>\n            <\/div>\n\n        <\/div>\n\n\t\t\t\t\t\t<\/div>\n\t\t\t\t<\/div>\n\t\t\t\t\t<\/div>\n\t\t<\/div>\n\t\t\t\t<div class=\"elementor-column elementor-col-50 elementor-top-column elementor-element elementor-element-addfb34\" data-id=\"addfb34\" data-element_type=\"column\" data-e-type=\"column\">\n\t\t\t<div class=\"elementor-widget-wrap elementor-element-populated\">\n\t\t\t\t\t\t<div class=\"elementor-element elementor-element-ceef8e2 elementor-widget elementor-widget-image\" data-id=\"ceef8e2\" data-element_type=\"widget\" data-e-type=\"widget\" data-widget_type=\"image.default\">\n\t\t\t\t<div class=\"elementor-widget-container\">\n\t\t\t\t\t\t\t\t\t\t\t\t\t\t\t<img fetchpriority=\"high\" decoding=\"async\" width=\"1000\" height=\"1000\" src=\"https:\/\/lacortedelgusto.com\/wp-content\/uploads\/2021\/04\/Il-Gelso-2018.jpg\" class=\"attachment-full size-full wp-image-757\" alt=\"\" srcset=\"https:\/\/lacortedelgusto.com\/wp-content\/uploads\/2021\/04\/Il-Gelso-2018.jpg 1000w, https:\/\/lacortedelgusto.com\/wp-content\/uploads\/2021\/04\/Il-Gelso-2018-300x300.jpg 300w, https:\/\/lacortedelgusto.com\/wp-content\/uploads\/2021\/04\/Il-Gelso-2018-150x150.jpg 150w, https:\/\/lacortedelgusto.com\/wp-content\/uploads\/2021\/04\/Il-Gelso-2018-768x768.jpg 768w, https:\/\/lacortedelgusto.com\/wp-content\/uploads\/2021\/04\/Il-Gelso-2018-100x100.jpg 100w, https:\/\/lacortedelgusto.com\/wp-content\/uploads\/2021\/04\/Il-Gelso-2018-80x80.jpg 80w, https:\/\/lacortedelgusto.com\/wp-content\/uploads\/2021\/04\/Il-Gelso-2018-394x394.jpg 394w, https:\/\/lacortedelgusto.com\/wp-content\/uploads\/2021\/04\/Il-Gelso-2018-303x303.jpg 303w, https:\/\/lacortedelgusto.com\/wp-content\/uploads\/2021\/04\/Il-Gelso-2018-605x605.jpg 605w, https:\/\/lacortedelgusto.com\/wp-content\/uploads\/2021\/04\/Il-Gelso-2018-700x700.jpg 700w, https:\/\/lacortedelgusto.com\/wp-content\/uploads\/2021\/04\/Il-Gelso-2018-950x950.jpg 950w, https:\/\/lacortedelgusto.com\/wp-content\/uploads\/2021\/04\/Il-Gelso-2018-600x600.jpg 600w, https:\/\/lacortedelgusto.com\/wp-content\/uploads\/2021\/04\/elementor\/thumbs\/Il-Gelso-2018-r0rva1sjrjmpl76xfr38ewiovfuue0p3utdegdmad8.jpg 550w, https:\/\/lacortedelgusto.com\/wp-content\/uploads\/2021\/04\/elementor\/thumbs\/Il-Gelso-2018-r0rva1skzef577cnunyeizd1ws2h1rwtqlykls3iec.jpg 650w\" sizes=\"(max-width: 1000px) 100vw, 1000px\" \/>\t\t\t\t\t\t\t\t\t\t\t\t\t\t\t<\/div>\n\t\t\t\t<\/div>\n\t\t\t\t\t<\/div>\n\t\t<\/div>\n\t\t\t\t\t<\/div>\n\t\t<\/section>\n\t\t\t\t<section class=\"elementor-section elementor-top-section elementor-element elementor-element-2e54255 elementor-section-full_width elementor-section-content-middle elementor-section-height-default elementor-section-height-default\" data-id=\"2e54255\" data-element_type=\"section\" data-e-type=\"section\">\n\t\t\t\t\t\t<div class=\"elementor-container elementor-column-gap-default\">\n\t\t\t\t\t<div class=\"elementor-column elementor-col-50 elementor-top-column elementor-element elementor-element-0cf9116\" data-id=\"0cf9116\" data-element_type=\"column\" data-e-type=\"column\">\n\t\t\t<div class=\"elementor-widget-wrap elementor-element-populated\">\n\t\t\t\t\t\t<div class=\"elementor-element elementor-element-b84f1f3 elementor-widget elementor-widget-image\" data-id=\"b84f1f3\" data-element_type=\"widget\" data-e-type=\"widget\" data-widget_type=\"image.default\">\n\t\t\t\t<div class=\"elementor-widget-container\">\n\t\t\t\t\t\t\t\t\t\t\t\t\t\t\t<img decoding=\"async\" width=\"2560\" height=\"2560\" src=\"https:\/\/lacortedelgusto.com\/wp-content\/uploads\/2021\/06\/IMG_6086-scaled.jpeg\" class=\"attachment-full size-full wp-image-3280\" alt=\"\" srcset=\"https:\/\/lacortedelgusto.com\/wp-content\/uploads\/2021\/06\/IMG_6086-scaled.jpeg 2560w, https:\/\/lacortedelgusto.com\/wp-content\/uploads\/2021\/06\/IMG_6086-300x300.jpeg 300w, https:\/\/lacortedelgusto.com\/wp-content\/uploads\/2021\/06\/IMG_6086-1024x1024.jpeg 1024w, https:\/\/lacortedelgusto.com\/wp-content\/uploads\/2021\/06\/IMG_6086-150x150.jpeg 150w, https:\/\/lacortedelgusto.com\/wp-content\/uploads\/2021\/06\/IMG_6086-768x768.jpeg 768w, https:\/\/lacortedelgusto.com\/wp-content\/uploads\/2021\/06\/IMG_6086-1536x1536.jpeg 1536w, https:\/\/lacortedelgusto.com\/wp-content\/uploads\/2021\/06\/IMG_6086-2048x2048.jpeg 2048w, https:\/\/lacortedelgusto.com\/wp-content\/uploads\/2021\/06\/IMG_6086-100x100.jpeg 100w, https:\/\/lacortedelgusto.com\/wp-content\/uploads\/2021\/06\/IMG_6086-80x80.jpeg 80w, https:\/\/lacortedelgusto.com\/wp-content\/uploads\/2021\/06\/IMG_6086-394x394.jpeg 394w, https:\/\/lacortedelgusto.com\/wp-content\/uploads\/2021\/06\/IMG_6086-303x303.jpeg 303w, https:\/\/lacortedelgusto.com\/wp-content\/uploads\/2021\/06\/IMG_6086-605x605.jpeg 605w, https:\/\/lacortedelgusto.com\/wp-content\/uploads\/2021\/06\/IMG_6086-700x700.jpeg 700w, https:\/\/lacortedelgusto.com\/wp-content\/uploads\/2021\/06\/IMG_6086-950x950.jpeg 950w, https:\/\/lacortedelgusto.com\/wp-content\/uploads\/2021\/06\/IMG_6086-1080x1080.jpeg 1080w, https:\/\/lacortedelgusto.com\/wp-content\/uploads\/2021\/06\/IMG_6086-600x600.jpeg 600w\" sizes=\"(max-width: 2560px) 100vw, 2560px\" \/>\t\t\t\t\t\t\t\t\t\t\t\t\t\t\t<\/div>\n\t\t\t\t<\/div>\n\t\t\t\t\t<\/div>\n\t\t<\/div>\n\t\t\t\t<div class=\"elementor-column elementor-col-50 elementor-top-column elementor-element elementor-element-8db13e7\" data-id=\"8db13e7\" data-element_type=\"column\" data-e-type=\"column\" data-settings=\"{&quot;background_background&quot;:&quot;classic&quot;}\">\n\t\t\t<div class=\"elementor-widget-wrap elementor-element-populated\">\n\t\t\t\t\t\t<div class=\"elementor-element elementor-element-6e43eab elementor-position-left elementor-view-default elementor-widget elementor-widget-themo-header\" data-id=\"6e43eab\" data-element_type=\"widget\" data-e-type=\"widget\" data-widget_type=\"themo-header.default\">\n\t\t\t\t<div class=\"elementor-widget-container\">\n\t\t\t\t\t\t\t<div class=\"th-header-wrap\">\n        <div class=\"elementor-icon-box-wrapper \">\n                            <div class=\"elementor-icon-box-content\">\n                    <h4 class=\"elementor-icon-box-title\">\n                        Il Moro - Esino Rosso (DOC)                    <\/h4>\n                                        <p class=\"elementor-icon-box-description\">\u00c8 un vino che nasce da uve Montepulciano 70% e Sangiovese 30%.<br>\u00c8 un vino che trova spazio in varie occasioni ed abbinamenti gastronomici come carni alla griglia e formaggi.\n\nContenuto: 750 ml\nTemperatura di Servizio: 16\u00b0\/18\u00b0\nConfezione: Cartone da 6 bottiglie\nUve: Sangiovese 30% \u2013 Montepulciano 70%<\/p>\n\n                                    <\/div>\n            <\/div>\n\n        <\/div>\n\n\t\t\t\t\t\t<\/div>\n\t\t\t\t<\/div>\n\t\t\t\t\t<\/div>\n\t\t<\/div>\n\t\t\t\t\t<\/div>\n\t\t<\/section>\n\t\t\t\t<section class=\"elementor-section elementor-top-section elementor-element elementor-element-4f6d876 elementor-section-full_width elementor-section-content-middle elementor-reverse-mobile elementor-section-height-default elementor-section-height-default\" data-id=\"4f6d876\" data-element_type=\"section\" data-e-type=\"section\">\n\t\t\t\t\t\t<div class=\"elementor-container elementor-column-gap-default\">\n\t\t\t\t\t<div class=\"elementor-column elementor-col-50 elementor-top-column elementor-element elementor-element-2adc0be\" data-id=\"2adc0be\" data-element_type=\"column\" data-e-type=\"column\" data-settings=\"{&quot;background_background&quot;:&quot;classic&quot;}\">\n\t\t\t<div class=\"elementor-widget-wrap elementor-element-populated\">\n\t\t\t\t\t\t<div class=\"elementor-element elementor-element-601c980 elementor-position-left elementor-view-default elementor-widget elementor-widget-themo-header\" data-id=\"601c980\" data-element_type=\"widget\" data-e-type=\"widget\" data-widget_type=\"themo-header.default\">\n\t\t\t\t<div class=\"elementor-widget-container\">\n\t\t\t\t\t\t\t<div class=\"th-header-wrap\">\n        <div class=\"elementor-icon-box-wrapper \">\n                            <div class=\"elementor-icon-box-content\">\n                    <h4 class=\"elementor-icon-box-title\">\n                        Olio Extra Vergine di Oliva                    <\/h4>\n                                        <p class=\"elementor-icon-box-description\">L\u2019Olio Extra Vergine di Oliva de La Corte del Gusto si distingue per il suo aroma unico e la bassa acidita\u0300, caratteristiche che ne esaltano il gusto inconfondibile.\n100% naturale e 100% Marche, viene prodotto esclusivamente con procedimenti meccanici. La molitura, rigorosamente a freddo, preserva tutte le proprieta\u0300 organolettiche, mentre l\u2019olio decanta naturalmente in contenitori di acciaio a temperatura controllata, senza l\u2019uso di macchinari, garantendo la massima purezza e qualita\u0300.\n<\/p>\n\n                                    <\/div>\n            <\/div>\n\n        <\/div>\n\n\t\t\t\t\t\t<\/div>\n\t\t\t\t<\/div>\n\t\t\t\t\t<\/div>\n\t\t<\/div>\n\t\t\t\t<div class=\"elementor-column elementor-col-50 elementor-top-column elementor-element elementor-element-4707ac1\" data-id=\"4707ac1\" data-element_type=\"column\" data-e-type=\"column\">\n\t\t\t<div class=\"elementor-widget-wrap elementor-element-populated\">\n\t\t\t\t\t\t<div class=\"elementor-element elementor-element-dbeecdf elementor-widget elementor-widget-image\" data-id=\"dbeecdf\" data-element_type=\"widget\" data-e-type=\"widget\" data-widget_type=\"image.default\">\n\t\t\t\t<div class=\"elementor-widget-container\">\n\t\t\t\t\t\t\t\t\t\t\t\t\t\t\t<img decoding=\"async\" width=\"1000\" height=\"1000\" src=\"https:\/\/lacortedelgusto.com\/wp-content\/uploads\/2021\/06\/IMG_6722.jpg\" class=\"attachment-full size-full wp-image-3341\" alt=\"\" srcset=\"https:\/\/lacortedelgusto.com\/wp-content\/uploads\/2021\/06\/IMG_6722.jpg 1000w, https:\/\/lacortedelgusto.com\/wp-content\/uploads\/2021\/06\/IMG_6722-300x300.jpg 300w, https:\/\/lacortedelgusto.com\/wp-content\/uploads\/2021\/06\/IMG_6722-150x150.jpg 150w, https:\/\/lacortedelgusto.com\/wp-content\/uploads\/2021\/06\/IMG_6722-768x768.jpg 768w, https:\/\/lacortedelgusto.com\/wp-content\/uploads\/2021\/06\/IMG_6722-100x100.jpg 100w, https:\/\/lacortedelgusto.com\/wp-content\/uploads\/2021\/06\/IMG_6722-80x80.jpg 80w, https:\/\/lacortedelgusto.com\/wp-content\/uploads\/2021\/06\/IMG_6722-394x394.jpg 394w, https:\/\/lacortedelgusto.com\/wp-content\/uploads\/2021\/06\/IMG_6722-303x303.jpg 303w, https:\/\/lacortedelgusto.com\/wp-content\/uploads\/2021\/06\/IMG_6722-605x605.jpg 605w, https:\/\/lacortedelgusto.com\/wp-content\/uploads\/2021\/06\/IMG_6722-700x700.jpg 700w, https:\/\/lacortedelgusto.com\/wp-content\/uploads\/2021\/06\/IMG_6722-950x950.jpg 950w, https:\/\/lacortedelgusto.com\/wp-content\/uploads\/2021\/06\/IMG_6722-600x600.jpg 600w\" sizes=\"(max-width: 1000px) 100vw, 1000px\" \/>\t\t\t\t\t\t\t\t\t\t\t\t\t\t\t<\/div>\n\t\t\t\t<\/div>\n\t\t\t\t\t<\/div>\n\t\t<\/div>\n\t\t\t\t\t<\/div>\n\t\t<\/section>\n\t\t\t\t<section class=\"elementor-section elementor-top-section elementor-element elementor-element-16db7b1d elementor-section-content-middle elementor-section-boxed elementor-section-height-default elementor-section-height-default\" data-id=\"16db7b1d\" data-element_type=\"section\" data-e-type=\"section\">\n\t\t\t\t\t\t<div class=\"elementor-container elementor-column-gap-default\">\n\t\t\t\t\t<div class=\"elementor-column elementor-col-50 elementor-top-column elementor-element elementor-element-417bbd7a\" data-id=\"417bbd7a\" data-element_type=\"column\" data-e-type=\"column\">\n\t\t\t<div class=\"elementor-widget-wrap elementor-element-populated\">\n\t\t\t\t\t\t<div class=\"elementor-element elementor-element-3ef69947 elementor-widget elementor-widget-image\" data-id=\"3ef69947\" data-element_type=\"widget\" data-e-type=\"widget\" data-widget_type=\"image.default\">\n\t\t\t\t<div class=\"elementor-widget-container\">\n\t\t\t\t\t\t\t\t\t\t\t\t\t\t\t<img loading=\"lazy\" decoding=\"async\" width=\"683\" height=\"1024\" src=\"https:\/\/lacortedelgusto.com\/wp-content\/uploads\/2021\/06\/SHOP-WEBSITE-20.-The-Cellar-683x1024.jpg\" class=\"attachment-large size-large wp-image-3374\" alt=\"\" srcset=\"https:\/\/lacortedelgusto.com\/wp-content\/uploads\/2021\/06\/SHOP-WEBSITE-20.-The-Cellar-683x1024.jpg 683w, https:\/\/lacortedelgusto.com\/wp-content\/uploads\/2021\/06\/SHOP-WEBSITE-20.-The-Cellar-200x300.jpg 200w, https:\/\/lacortedelgusto.com\/wp-content\/uploads\/2021\/06\/SHOP-WEBSITE-20.-The-Cellar-768x1152.jpg 768w, https:\/\/lacortedelgusto.com\/wp-content\/uploads\/2021\/06\/SHOP-WEBSITE-20.-The-Cellar-67x100.jpg 67w, https:\/\/lacortedelgusto.com\/wp-content\/uploads\/2021\/06\/SHOP-WEBSITE-20.-The-Cellar-53x80.jpg 53w, https:\/\/lacortedelgusto.com\/wp-content\/uploads\/2021\/06\/SHOP-WEBSITE-20.-The-Cellar-202x303.jpg 202w, https:\/\/lacortedelgusto.com\/wp-content\/uploads\/2021\/06\/SHOP-WEBSITE-20.-The-Cellar-467x700.jpg 467w, https:\/\/lacortedelgusto.com\/wp-content\/uploads\/2021\/06\/SHOP-WEBSITE-20.-The-Cellar-633x950.jpg 633w, https:\/\/lacortedelgusto.com\/wp-content\/uploads\/2021\/06\/SHOP-WEBSITE-20.-The-Cellar-720x1080.jpg 720w, https:\/\/lacortedelgusto.com\/wp-content\/uploads\/2021\/06\/SHOP-WEBSITE-20.-The-Cellar-600x900.jpg 600w, https:\/\/lacortedelgusto.com\/wp-content\/uploads\/2021\/06\/SHOP-WEBSITE-20.-The-Cellar.jpg 800w\" sizes=\"(max-width: 683px) 100vw, 683px\" \/>\t\t\t\t\t\t\t\t\t\t\t\t\t\t\t<\/div>\n\t\t\t\t<\/div>\n\t\t\t\t\t<\/div>\n\t\t<\/div>\n\t\t\t\t<div class=\"elementor-column elementor-col-50 elementor-top-column elementor-element elementor-element-136d2bb5\" data-id=\"136d2bb5\" data-element_type=\"column\" data-e-type=\"column\">\n\t\t\t<div class=\"elementor-widget-wrap elementor-element-populated\">\n\t\t\t\t\t\t<div class=\"elementor-element elementor-element-3ed3c7bc elementor-view-default elementor-position-top elementor-widget elementor-widget-themo-header\" data-id=\"3ed3c7bc\" data-element_type=\"widget\" data-e-type=\"widget\" data-widget_type=\"themo-header.default\">\n\t\t\t\t<div class=\"elementor-widget-container\">\n\t\t\t\t\t\t\t<div class=\"th-header-wrap\">\n        <div class=\"elementor-icon-box-wrapper \">\n                            <div class=\"elementor-icon-box-content\">\n                    <h2 class=\"elementor-icon-box-title\">\n                        La Corte del Gusto - Colline Arceviesi, Marche                     <\/h2>\n                                        <p class=\"elementor-icon-box-description\">Passione per la Natura e le Eccellenze del Territorio\nAmore per la natura, rispetto per la terra e una costante ricerca della qualita\u0300. E\u0300 da questi valori che nasce La Corte del Gusto, un luogo in cui dedizione, impegno e passione si uniscono per offrire prodotti autentici e un\u2019ospitalita\u0300 d\u2019eccellenza.\n <\/p>\n\n                                    <\/div>\n            <\/div>\n\n        <\/div>\n\n\t\t\t\t\t\t<\/div>\n\t\t\t\t<\/div>\n\t\t\t\t<div class=\"elementor-element elementor-element-7339a7d0 elementor-view-default elementor-position-top elementor-widget elementor-widget-themo-header\" data-id=\"7339a7d0\" data-element_type=\"widget\" data-e-type=\"widget\" data-widget_type=\"themo-header.default\">\n\t\t\t\t<div class=\"elementor-widget-container\">\n\t\t\t\t\t\t\t<div class=\"th-header-wrap\">\n        <div class=\"elementor-icon-box-wrapper \">\n                            <div class=\"elementor-icon-box-content\">\n                    <h3 class=\"elementor-icon-box-title\">\n                        I Nostri Prodotti 100% Marche                    <\/h3>\n                                        <p class=\"elementor-icon-box-description\"><\/p>\n\n                                    <\/div>\n            <\/div>\n\n        <\/div>\n\n\t\t\t\t\t\t<\/div>\n\t\t\t\t<\/div>\n\t\t\t\t<div class=\"elementor-element elementor-element-094b4ca elementor-view-default elementor-position-top elementor-widget elementor-widget-themo-header\" data-id=\"094b4ca\" data-element_type=\"widget\" data-e-type=\"widget\" data-widget_type=\"themo-header.default\">\n\t\t\t\t<div class=\"elementor-widget-container\">\n\t\t\t\t\t\t\t<div class=\"th-header-wrap\">\n        <div class=\"elementor-icon-box-wrapper \">\n                            <div class=\"elementor-icon-box-content\">\n                    <h2 class=\"elementor-icon-box-title\">\n                        Olio Extra Vergine di Oliva                    <\/h2>\n                                        <p class=\"elementor-icon-box-description\">Estratto a freddo e confezionato in bottiglie con tappo antirabbocco, per garantire freschezza e qualit\u00e0 in ogni goccia.\n <\/p>\n\n                                    <\/div>\n            <\/div>\n\n        <\/div>\n\n\t\t\t\t\t\t<\/div>\n\t\t\t\t<\/div>\n\t\t\t\t<div class=\"elementor-element elementor-element-125b5b2 elementor-view-default elementor-position-top elementor-widget elementor-widget-themo-header\" data-id=\"125b5b2\" data-element_type=\"widget\" data-e-type=\"widget\" data-widget_type=\"themo-header.default\">\n\t\t\t\t<div class=\"elementor-widget-container\">\n\t\t\t\t\t\t\t<div class=\"th-header-wrap\">\n        <div class=\"elementor-icon-box-wrapper \">\n                            <div class=\"elementor-icon-box-content\">\n                    <h2 class=\"elementor-icon-box-title\">\n                        I nostri Vini                    <\/h2>\n                                        <p class=\"elementor-icon-box-description\">Il Gelso Verdicchio 100%\nEsino rosso 70% Montepulciano 30% Sangiovese\nAutenticit\u00e0, tradizione e passione racchiuse in ogni sorso e in ogni sapore.\n <\/p>\n\n                                    <\/div>\n            <\/div>\n\n        <\/div>\n\n\t\t\t\t\t\t<\/div>\n\t\t\t\t<\/div>\n\t\t\t\t<div class=\"elementor-element elementor-element-22500b3a elementor-widget elementor-widget-themo-button\" data-id=\"22500b3a\" data-element_type=\"widget\" data-e-type=\"widget\" data-widget_type=\"themo-button.default\">\n\t\t\t\t<div class=\"elementor-widget-container\">\n\t\t\t\t\t\n                \t\t\t<a class=\"btn-1 btn th-btn btn-standard-primary\" href=\"https:\/\/lacortedelgusto.com\/wp-content\/uploads\/2025\/03\/BROCHURE%20PRODOTTI%20Llacortedelgusto.com\/wp-content\/uploads\/2025\/03\/BROCHURE%20PRODOTTI%20LA%20CORTE%20DEL%20GUSTO.pdf\" target=\"_blank\">\n\t\t\t\t\t\t\t\t\tScarica Brochure\t\t\t\t\t\t\t<\/a>\n\t\t\n        \n\t\t\t\t\t\t<\/div>\n\t\t\t\t<\/div>\n\t\t\t\t\t<\/div>\n\t\t<\/div>\n\t\t\t\t\t<\/div>\n\t\t<\/section>\n\t\t\t\t<section class=\"elementor-section elementor-top-section elementor-element elementor-element-5fd3cf91 elementor-section-boxed elementor-section-height-default elementor-section-height-default\" data-id=\"5fd3cf91\" data-element_type=\"section\" data-e-type=\"section\">\n\t\t\t\t\t\t<div class=\"elementor-container elementor-column-gap-default\">\n\t\t\t\t\t<div class=\"elementor-column elementor-col-100 elementor-top-column elementor-element elementor-element-7696415b\" data-id=\"7696415b\" data-element_type=\"column\" data-e-type=\"column\">\n\t\t\t<div class=\"elementor-widget-wrap elementor-element-populated\">\n\t\t\t\t\t\t<div class=\"elementor-element elementor-element-66a435e6 elementor-arrows-position-inside elementor-widget elementor-widget-image-carousel\" data-id=\"66a435e6\" data-element_type=\"widget\" data-e-type=\"widget\" data-settings=\"{&quot;slides_to_show&quot;:&quot;3&quot;,&quot;navigation&quot;:&quot;arrows&quot;,&quot;image_spacing_custom&quot;:{&quot;unit&quot;:&quot;px&quot;,&quot;size&quot;:15,&quot;sizes&quot;:[]},&quot;autoplay&quot;:&quot;yes&quot;,&quot;pause_on_hover&quot;:&quot;yes&quot;,&quot;pause_on_interaction&quot;:&quot;yes&quot;,&quot;autoplay_speed&quot;:5000,&quot;infinite&quot;:&quot;yes&quot;,&quot;speed&quot;:500,&quot;image_spacing_custom_tablet&quot;:{&quot;unit&quot;:&quot;px&quot;,&quot;size&quot;:&quot;&quot;,&quot;sizes&quot;:[]},&quot;image_spacing_custom_mobile&quot;:{&quot;unit&quot;:&quot;px&quot;,&quot;size&quot;:&quot;&quot;,&quot;sizes&quot;:[]}}\" data-widget_type=\"image-carousel.default\">\n\t\t\t\t<div class=\"elementor-widget-container\">\n\t\t\t\t\t\t\t<div class=\"elementor-image-carousel-wrapper swiper\" role=\"region\" aria-roledescription=\"carousel\" aria-label=\"Carosello d&#039;immagini\" dir=\"ltr\">\n\t\t\t<div class=\"elementor-image-carousel swiper-wrapper\" aria-live=\"off\">\n\t\t\t\t\t\t\t\t<div class=\"swiper-slide\" role=\"group\" aria-roledescription=\"slide\" aria-label=\"1 di 12\"><figure class=\"swiper-slide-inner\"><img decoding=\"async\" class=\"swiper-slide-image\" src=\"https:\/\/lacortedelgusto.com\/wp-content\/uploads\/2021\/06\/IMG_8444-1-605x605.jpg\" alt=\"IMG_8444-1\" \/><\/figure><\/div><div class=\"swiper-slide\" role=\"group\" aria-roledescription=\"slide\" aria-label=\"2 di 12\"><figure class=\"swiper-slide-inner\"><img decoding=\"async\" class=\"swiper-slide-image\" src=\"https:\/\/lacortedelgusto.com\/wp-content\/uploads\/2021\/04\/azienda-page-nat-605x605.jpg\" alt=\"azienda-page-nat\" \/><\/figure><\/div><div class=\"swiper-slide\" role=\"group\" aria-roledescription=\"slide\" aria-label=\"3 di 12\"><figure class=\"swiper-slide-inner\"><img decoding=\"async\" class=\"swiper-slide-image\" src=\"https:\/\/lacortedelgusto.com\/wp-content\/uploads\/2021\/04\/IMG_7963-605x605.jpg\" alt=\"La Corte del Gusto Luxury Apartments\" \/><\/figure><\/div><div class=\"swiper-slide\" role=\"group\" aria-roledescription=\"slide\" aria-label=\"4 di 12\"><figure class=\"swiper-slide-inner\"><img decoding=\"async\" class=\"swiper-slide-image\" src=\"https:\/\/lacortedelgusto.com\/wp-content\/uploads\/2021\/04\/IMG_8090-605x605.jpg\" alt=\"IMG_8090\" \/><\/figure><\/div><div class=\"swiper-slide\" role=\"group\" aria-roledescription=\"slide\" aria-label=\"5 di 12\"><figure class=\"swiper-slide-inner\"><img decoding=\"async\" class=\"swiper-slide-image\" src=\"https:\/\/lacortedelgusto.com\/wp-content\/uploads\/2021\/04\/LaCortedelGusto-shop2-605x605.jpg\" alt=\"La Corte del Gusto Luxury Apartments\" \/><\/figure><\/div><div class=\"swiper-slide\" role=\"group\" aria-roledescription=\"slide\" aria-label=\"6 di 12\"><figure class=\"swiper-slide-inner\"><img decoding=\"async\" class=\"swiper-slide-image\" src=\"https:\/\/lacortedelgusto.com\/wp-content\/uploads\/2021\/04\/LaCortedelGusto-shop3-605x605.jpg\" alt=\"La Corte del Gusto Luxury Apartments\" \/><\/figure><\/div><div class=\"swiper-slide\" role=\"group\" aria-roledescription=\"slide\" aria-label=\"7 di 12\"><figure class=\"swiper-slide-inner\"><img decoding=\"async\" class=\"swiper-slide-image\" src=\"https:\/\/lacortedelgusto.com\/wp-content\/uploads\/2021\/06\/IMG_6722-605x605.jpg\" alt=\"IMG_6722\" \/><\/figure><\/div><div class=\"swiper-slide\" role=\"group\" aria-roledescription=\"slide\" aria-label=\"8 di 12\"><figure class=\"swiper-slide-inner\"><img decoding=\"async\" class=\"swiper-slide-image\" src=\"https:\/\/lacortedelgusto.com\/wp-content\/uploads\/2021\/04\/LaCortedelGusto-shop7-605x605.jpg\" alt=\"LaCortedelGusto-shop7\" \/><\/figure><\/div><div class=\"swiper-slide\" role=\"group\" aria-roledescription=\"slide\" aria-label=\"9 di 12\"><figure class=\"swiper-slide-inner\"><img decoding=\"async\" class=\"swiper-slide-image\" src=\"https:\/\/lacortedelgusto.com\/wp-content\/uploads\/2021\/06\/IMG_8441-e1558024927458-605x605.jpg\" alt=\"IMG_8441-e1558024927458\" \/><\/figure><\/div><div class=\"swiper-slide\" role=\"group\" aria-roledescription=\"slide\" aria-label=\"10 di 12\"><figure class=\"swiper-slide-inner\"><img decoding=\"async\" class=\"swiper-slide-image\" src=\"https:\/\/lacortedelgusto.com\/wp-content\/uploads\/2021\/04\/LaCortedelGusto-shop6-605x605.jpg\" alt=\"LaCortedelGusto-shop6\" \/><\/figure><\/div><div class=\"swiper-slide\" role=\"group\" aria-roledescription=\"slide\" aria-label=\"11 di 12\"><figure class=\"swiper-slide-inner\"><img decoding=\"async\" class=\"swiper-slide-image\" src=\"https:\/\/lacortedelgusto.com\/wp-content\/uploads\/2021\/04\/IMG_0460-605x605.jpg\" alt=\"La Corte del Gusto Luxury Apartments\" \/><\/figure><\/div><div class=\"swiper-slide\" role=\"group\" aria-roledescription=\"slide\" aria-label=\"12 di 12\"><figure class=\"swiper-slide-inner\"><img decoding=\"async\" class=\"swiper-slide-image\" src=\"https:\/\/lacortedelgusto.com\/wp-content\/uploads\/2021\/06\/a320cbb4-2f8a-4b9c-b0da-2fe0e125d4bf-605x605.jpeg\" alt=\"a320cbb4-2f8a-4b9c-b0da-2fe0e125d4bf\" \/><\/figure><\/div>\t\t\t<\/div>\n\t\t\t\t\t\t\t\t\t\t\t\t<div class=\"elementor-swiper-button elementor-swiper-button-prev\" role=\"button\" tabindex=\"0\">\n\t\t\t\t\t\t<i aria-hidden=\"true\" class=\"eicon-chevron-left\"><\/i>\t\t\t\t\t<\/div>\n\t\t\t\t\t<div class=\"elementor-swiper-button elementor-swiper-button-next\" role=\"button\" tabindex=\"0\">\n\t\t\t\t\t\t<i aria-hidden=\"true\" class=\"eicon-chevron-right\"><\/i>\t\t\t\t\t<\/div>\n\t\t\t\t\n\t\t\t\t\t\t\t\t\t<\/div>\n\t\t\t\t\t\t<\/div>\n\t\t\t\t<\/div>\n\t\t\t\t\t<\/div>\n\t\t<\/div>\n\t\t\t\t\t<\/div>\n\t\t<\/section>\n\t\t\t\t<section class=\"elementor-section elementor-top-section elementor-element elementor-element-e9a7486 elementor-section-boxed elementor-section-height-default elementor-section-height-default\" data-id=\"e9a7486\" data-element_type=\"section\" data-e-type=\"section\">\n\t\t\t\t\t\t<div class=\"elementor-container elementor-column-gap-default\">\n\t\t\t\t\t<div class=\"elementor-column elementor-col-100 elementor-top-column elementor-element elementor-element-f6d5b36\" data-id=\"f6d5b36\" data-element_type=\"column\" data-e-type=\"column\">\n\t\t\t<div class=\"elementor-widget-wrap\">\n\t\t\t\t\t\t\t<\/div>\n\t\t<\/div>\n\t\t\t\t\t<\/div>\n\t\t<\/section>\n\t\t\t\t<\/div>\n\t\t","protected":false},"excerpt":{"rendered":"<p>La Corte del Gusto Wine Resort Scopri di pi\u00f9 La Tenuta La Corte del Gusto \u00e8 un elegante Wine Resort con appartamenti di lusso, immerso nella tranquillit\u00e0 delle colline marchigiane. Situato in una posizione strategica, si trova a 45 minuti &hellip; <a href=\"https:\/\/lacortedelgusto.com\/it\/la-tenuta\/\">Read More<\/a><\/p>\n","protected":false},"author":1,"featured_media":0,"parent":0,"menu_order":13,"comment_status":"closed","ping_status":"closed","template":"","meta":{"footnotes":""},"class_list":["post-57","page","type-page","status-publish","hentry"],"yoast_head":"<!-- This site is optimized with the Yoast SEO plugin v27.4 - https:\/\/yoast.com\/product\/yoast-seo-wordpress\/ -->\n<title>La Tenuta | Una splendida posizione nelle Marche- La Corte del Gusto<\/title>\n<meta name=\"description\" content=\"Una splendida posizione sulle colline marchigiane, a soli 45 minuti dall&#039;aeroporto di Ancona e vicino alla splendida cittadina collinare di Arcevia.\" \/>\n<meta name=\"robots\" content=\"index, follow, max-snippet:-1, max-image-preview:large, max-video-preview:-1\" \/>\n<link rel=\"canonical\" href=\"https:\/\/lacortedelgusto.com\/the-estate\/\" \/>\n<meta property=\"og:locale\" content=\"it_IT\" \/>\n<meta property=\"og:type\" content=\"article\" \/>\n<meta property=\"og:title\" content=\"La Tenuta | Una splendida posizione nelle Marche- La Corte del Gusto\" \/>\n<meta property=\"og:description\" content=\"Una splendida posizione sulle colline marchigiane, a soli 45 minuti dall&#039;aeroporto di Ancona e vicino alla splendida cittadina collinare di Arcevia.\" \/>\n<meta property=\"og:url\" content=\"https:\/\/lacortedelgusto.com\/the-estate\/\" \/>\n<meta property=\"og:site_name\" content=\"La Corte del Gusto\" \/>\n<meta property=\"article:publisher\" content=\"https:\/\/www.facebook.com\/La-Corte-del-Gusto-411594882271439\/\" \/>\n<meta property=\"article:modified_time\" content=\"2026-02-03T14:28:31+00:00\" \/>\n<meta property=\"og:image\" content=\"https:\/\/lacortedelgusto.com\/wp-content\/uploads\/2026\/01\/DJI_20251007153413_0098_D-605x465.webp\" \/>\n<meta name=\"twitter:card\" content=\"summary_large_image\" \/>\n<meta name=\"twitter:label1\" content=\"Tempo di lettura stimato\" \/>\n\t<meta name=\"twitter:data1\" content=\"10 minuti\" \/>\n<script type=\"application\/ld+json\" class=\"yoast-schema-graph\">{\"@context\":\"https:\\\/\\\/schema.org\",\"@graph\":[{\"@type\":\"WebPage\",\"@id\":\"https:\\\/\\\/lacortedelgusto.com\\\/the-estate\\\/\",\"url\":\"https:\\\/\\\/lacortedelgusto.com\\\/the-estate\\\/\",\"name\":\"La Tenuta | Una splendida posizione nelle Marche- La Corte del Gusto\",\"isPartOf\":{\"@id\":\"https:\\\/\\\/lacortedelgusto.com\\\/#website\"},\"primaryImageOfPage\":{\"@id\":\"https:\\\/\\\/lacortedelgusto.com\\\/the-estate\\\/#primaryimage\"},\"image\":{\"@id\":\"https:\\\/\\\/lacortedelgusto.com\\\/the-estate\\\/#primaryimage\"},\"thumbnailUrl\":\"https:\\\/\\\/lacortedelgusto.com\\\/wp-content\\\/uploads\\\/2026\\\/01\\\/DJI_20251007153413_0098_D-605x465.webp\",\"datePublished\":\"2017-12-03T19:12:03+00:00\",\"dateModified\":\"2026-02-03T14:28:31+00:00\",\"description\":\"Una splendida posizione sulle colline marchigiane, a soli 45 minuti dall'aeroporto di Ancona e vicino alla splendida cittadina collinare di Arcevia.\",\"breadcrumb\":{\"@id\":\"https:\\\/\\\/lacortedelgusto.com\\\/the-estate\\\/#breadcrumb\"},\"inLanguage\":\"it-IT\",\"potentialAction\":[{\"@type\":\"ReadAction\",\"target\":[\"https:\\\/\\\/lacortedelgusto.com\\\/the-estate\\\/\"]}]},{\"@type\":\"ImageObject\",\"inLanguage\":\"it-IT\",\"@id\":\"https:\\\/\\\/lacortedelgusto.com\\\/the-estate\\\/#primaryimage\",\"url\":\"https:\\\/\\\/lacortedelgusto.com\\\/wp-content\\\/uploads\\\/2026\\\/01\\\/DJI_20251007153413_0098_D-605x465.webp\",\"contentUrl\":\"https:\\\/\\\/lacortedelgusto.com\\\/wp-content\\\/uploads\\\/2026\\\/01\\\/DJI_20251007153413_0098_D-605x465.webp\"},{\"@type\":\"BreadcrumbList\",\"@id\":\"https:\\\/\\\/lacortedelgusto.com\\\/the-estate\\\/#breadcrumb\",\"itemListElement\":[{\"@type\":\"ListItem\",\"position\":1,\"name\":\"Home\",\"item\":\"https:\\\/\\\/lacortedelgusto.com\\\/it\\\/\"},{\"@type\":\"ListItem\",\"position\":2,\"name\":\"La tenuta\"}]},{\"@type\":\"WebSite\",\"@id\":\"https:\\\/\\\/lacortedelgusto.com\\\/#website\",\"url\":\"https:\\\/\\\/lacortedelgusto.com\\\/\",\"name\":\"La Corte del Gusto\",\"description\":\"Wine Resort e appartamenti di lusso nelle Marche, Italia\",\"publisher\":{\"@id\":\"https:\\\/\\\/lacortedelgusto.com\\\/#organization\"},\"potentialAction\":[{\"@type\":\"SearchAction\",\"target\":{\"@type\":\"EntryPoint\",\"urlTemplate\":\"https:\\\/\\\/lacortedelgusto.com\\\/?s={search_term_string}\"},\"query-input\":{\"@type\":\"PropertyValueSpecification\",\"valueRequired\":true,\"valueName\":\"search_term_string\"}}],\"inLanguage\":\"it-IT\"},{\"@type\":\"Organization\",\"@id\":\"https:\\\/\\\/lacortedelgusto.com\\\/#organization\",\"name\":\"La Corte del Gusto\",\"url\":\"https:\\\/\\\/lacortedelgusto.com\\\/\",\"logo\":{\"@type\":\"ImageObject\",\"inLanguage\":\"it-IT\",\"@id\":\"https:\\\/\\\/lacortedelgusto.com\\\/#\\\/schema\\\/logo\\\/image\\\/\",\"url\":\"https:\\\/\\\/lacortedelgusto.com\\\/wp-content\\\/uploads\\\/2021\\\/05\\\/lacortedelgusto-logo-2019.png\",\"contentUrl\":\"https:\\\/\\\/lacortedelgusto.com\\\/wp-content\\\/uploads\\\/2021\\\/05\\\/lacortedelgusto-logo-2019.png\",\"width\":218,\"height\":218,\"caption\":\"La Corte del Gusto\"},\"image\":{\"@id\":\"https:\\\/\\\/lacortedelgusto.com\\\/#\\\/schema\\\/logo\\\/image\\\/\"},\"sameAs\":[\"https:\\\/\\\/www.facebook.com\\\/La-Corte-del-Gusto-411594882271439\\\/\",\"https:\\\/\\\/www.instagram.com\\\/lacortedelgusto\\\/\",\"https:\\\/\\\/www.youtube.com\\\/channel\\\/UC1zV34s7VpmNh90IMyNl0Zw\"]}]}<\/script>\n<!-- \/ Yoast SEO plugin. -->","yoast_head_json":{"title":"La Tenuta | Una splendida posizione nelle Marche- La Corte del Gusto","description":"Una splendida posizione sulle colline marchigiane, a soli 45 minuti dall'aeroporto di Ancona e vicino alla splendida cittadina collinare di Arcevia.","robots":{"index":"index","follow":"follow","max-snippet":"max-snippet:-1","max-image-preview":"max-image-preview:large","max-video-preview":"max-video-preview:-1"},"canonical":"https:\/\/lacortedelgusto.com\/the-estate\/","og_locale":"it_IT","og_type":"article","og_title":"La Tenuta | Una splendida posizione nelle Marche- La Corte del Gusto","og_description":"Una splendida posizione sulle colline marchigiane, a soli 45 minuti dall'aeroporto di Ancona e vicino alla splendida cittadina collinare di Arcevia.","og_url":"https:\/\/lacortedelgusto.com\/the-estate\/","og_site_name":"La Corte del Gusto","article_publisher":"https:\/\/www.facebook.com\/La-Corte-del-Gusto-411594882271439\/","article_modified_time":"2026-02-03T14:28:31+00:00","og_image":[{"url":"https:\/\/lacortedelgusto.com\/wp-content\/uploads\/2026\/01\/DJI_20251007153413_0098_D-605x465.webp","type":"","width":"","height":""}],"twitter_card":"summary_large_image","twitter_misc":{"Tempo di lettura stimato":"10 minuti"},"schema":{"@context":"https:\/\/schema.org","@graph":[{"@type":"WebPage","@id":"https:\/\/lacortedelgusto.com\/the-estate\/","url":"https:\/\/lacortedelgusto.com\/the-estate\/","name":"La Tenuta | Una splendida posizione nelle Marche- La Corte del Gusto","isPartOf":{"@id":"https:\/\/lacortedelgusto.com\/#website"},"primaryImageOfPage":{"@id":"https:\/\/lacortedelgusto.com\/the-estate\/#primaryimage"},"image":{"@id":"https:\/\/lacortedelgusto.com\/the-estate\/#primaryimage"},"thumbnailUrl":"https:\/\/lacortedelgusto.com\/wp-content\/uploads\/2026\/01\/DJI_20251007153413_0098_D-605x465.webp","datePublished":"2017-12-03T19:12:03+00:00","dateModified":"2026-02-03T14:28:31+00:00","description":"Una splendida posizione sulle colline marchigiane, a soli 45 minuti dall'aeroporto di Ancona e vicino alla splendida cittadina collinare di Arcevia.","breadcrumb":{"@id":"https:\/\/lacortedelgusto.com\/the-estate\/#breadcrumb"},"inLanguage":"it-IT","potentialAction":[{"@type":"ReadAction","target":["https:\/\/lacortedelgusto.com\/the-estate\/"]}]},{"@type":"ImageObject","inLanguage":"it-IT","@id":"https:\/\/lacortedelgusto.com\/the-estate\/#primaryimage","url":"https:\/\/lacortedelgusto.com\/wp-content\/uploads\/2026\/01\/DJI_20251007153413_0098_D-605x465.webp","contentUrl":"https:\/\/lacortedelgusto.com\/wp-content\/uploads\/2026\/01\/DJI_20251007153413_0098_D-605x465.webp"},{"@type":"BreadcrumbList","@id":"https:\/\/lacortedelgusto.com\/the-estate\/#breadcrumb","itemListElement":[{"@type":"ListItem","position":1,"name":"Home","item":"https:\/\/lacortedelgusto.com\/it\/"},{"@type":"ListItem","position":2,"name":"La tenuta"}]},{"@type":"WebSite","@id":"https:\/\/lacortedelgusto.com\/#website","url":"https:\/\/lacortedelgusto.com\/","name":"La Corte del Gusto","description":"Wine Resort e appartamenti di lusso nelle Marche, Italia","publisher":{"@id":"https:\/\/lacortedelgusto.com\/#organization"},"potentialAction":[{"@type":"SearchAction","target":{"@type":"EntryPoint","urlTemplate":"https:\/\/lacortedelgusto.com\/?s={search_term_string}"},"query-input":{"@type":"PropertyValueSpecification","valueRequired":true,"valueName":"search_term_string"}}],"inLanguage":"it-IT"},{"@type":"Organization","@id":"https:\/\/lacortedelgusto.com\/#organization","name":"La Corte del Gusto","url":"https:\/\/lacortedelgusto.com\/","logo":{"@type":"ImageObject","inLanguage":"it-IT","@id":"https:\/\/lacortedelgusto.com\/#\/schema\/logo\/image\/","url":"https:\/\/lacortedelgusto.com\/wp-content\/uploads\/2021\/05\/lacortedelgusto-logo-2019.png","contentUrl":"https:\/\/lacortedelgusto.com\/wp-content\/uploads\/2021\/05\/lacortedelgusto-logo-2019.png","width":218,"height":218,"caption":"La Corte del Gusto"},"image":{"@id":"https:\/\/lacortedelgusto.com\/#\/schema\/logo\/image\/"},"sameAs":["https:\/\/www.facebook.com\/La-Corte-del-Gusto-411594882271439\/","https:\/\/www.instagram.com\/lacortedelgusto\/","https:\/\/www.youtube.com\/channel\/UC1zV34s7VpmNh90IMyNl0Zw"]}]}},"jetpack_sharing_enabled":true,"_links":{"self":[{"href":"https:\/\/lacortedelgusto.com\/it\/wp-json\/wp\/v2\/pages\/57","targetHints":{"allow":["GET"]}}],"collection":[{"href":"https:\/\/lacortedelgusto.com\/it\/wp-json\/wp\/v2\/pages"}],"about":[{"href":"https:\/\/lacortedelgusto.com\/it\/wp-json\/wp\/v2\/types\/page"}],"author":[{"embeddable":true,"href":"https:\/\/lacortedelgusto.com\/it\/wp-json\/wp\/v2\/users\/1"}],"replies":[{"embeddable":true,"href":"https:\/\/lacortedelgusto.com\/it\/wp-json\/wp\/v2\/comments?post=57"}],"version-history":[{"count":227,"href":"https:\/\/lacortedelgusto.com\/it\/wp-json\/wp\/v2\/pages\/57\/revisions"}],"predecessor-version":[{"id":7809,"href":"https:\/\/lacortedelgusto.com\/it\/wp-json\/wp\/v2\/pages\/57\/revisions\/7809"}],"wp:attachment":[{"href":"https:\/\/lacortedelgusto.com\/it\/wp-json\/wp\/v2\/media?parent=57"}],"curies":[{"name":"wp","href":"https:\/\/api.w.org\/{rel}","templated":true}]}}